{"id":369,"date":"2020-12-23T08:28:55","date_gmt":"2020-12-23T07:28:55","guid":{"rendered":"http:\/\/www.cargoradom.pl\/?page_id=369"},"modified":"2021-01-15T14:31:53","modified_gmt":"2021-01-15T13:31:53","slug":"polityka-prywatnosci-2","status":"publish","type":"page","link":"https:\/\/www.cargoradom.pl\/?page_id=369","title":{"rendered":"Polityka Prywatno\u015bci"},"content":{"rendered":"\n<p class=\"wp-block-paragraph\"><strong>POLITYKA PRYWATNO\u015aCI<\/strong><strong><\/strong><\/p>\n\n\n\n<p class=\"wp-block-paragraph\"><strong>1. <\/strong>Administratorem Pana\/Pani danych osobowych jest firma CAR GO IZABELA KALETA z siedzib\u0105 w Radomiu.                                                                                        <br>ul. Wroc\u0142awska 4, NIP: 9481060108, REGON: 141194584, adres e-mail:&nbsp;biuro@cargoradom.pl.                                      <\/p>\n\n\n\n<p class=\"wp-block-paragraph\"><strong>2. <\/strong>Jako Administrator mo\u017cemy przetwarza\u0107 Pa\u0144stwa dane w&nbsp;celach:<br>&#8211; archiwalnych, tworzenia rejestr\u00f3w i&nbsp;ewidencji zwi\u0105zanych z&nbsp;RODO, w&nbsp;tym np.&nbsp;rejestru klient\u00f3w, kt\u00f3rzy&nbsp;skierowali do&nbsp;nas wiadomo\u015b\u0107 e-mail lub przes\u0142ali formularz kontaktowy;<br>&#8211; badania i&nbsp;analizowania aktywno\u015bci na&nbsp;stronie internetowej nale\u017c\u0105cej do&nbsp;CAR GO, mo\u017cemy przetwarza\u0107 takie dane osobowe, jak:<br>data i&nbsp;godzina odwiedzin strony,<br>rodzaj systemu operacyjnego,<br>przybli\u017cona lokalizacja,<br>rodzaj przegl\u0105darki internetowej do&nbsp;przegl\u0105dania strony,<br>czas sp\u0119dzony na&nbsp;stronie,<br>odwiedzone podstrony,<br>podstrona, gdzie wype\u0142niono formularz kontaktowy.<br>Podstaw\u0105 prawn\u0105 takiego przetwarzania danych jest art. 6 ust. 1 lit. f RODO \u2013 Administrator Danych Osobowych realizuje sw\u00f3j prawnie uzasadniony interes (tj.&nbsp;poznanie aktywno\u015bci klient\u00f3w na&nbsp;stronie internetowej celem podniesienia poziomu atrakcyjno\u015bci informacji umieszczonych na&nbsp;stronie, a&nbsp;tym samym wizerunku CAR GO);<br>&#8211; prowadzenia strony internetowej (serwisu internetowego CAR GO) i&nbsp;jej prawid\u0142owego dzia\u0142ania, w&nbsp;zakresie funkcjonalno\u015bci serwisu, tj.&nbsp;mo\u017cliwo\u015bci i&nbsp;sposobu jej wykorzystania przez&nbsp;u\u017cytkownik\u00f3w, zgodnie z&nbsp;preferencjami Administratora jak i&nbsp;u\u017cytkownik\u00f3w zewn\u0119trznych serwisu. Podstaw\u0105 prawn\u0105 takiego przetwarzania jest art. 6 ust. 1 lit. a&nbsp;RODO, kt\u00f3ry&nbsp;pozwala przetwarza\u0107 dane osobowe na&nbsp;podstawie dobrowolnie udzielonej zgody (przy pierwszym wej\u015bciu na&nbsp;stron\u0119 internetow\u0105 pojawia si\u0119 zapytanie o&nbsp;zgod\u0119 na&nbsp;u\u017cytkowanie serwisu przy wykorzystaniu cookies). Administrator informuje, \u017ce&nbsp;wykorzystanie \u201ecookies\u201d w&nbsp;serwisie CAR GO nie&nbsp;polega na&nbsp;ustalaniu to\u017csamo\u015bci u\u017cytkownika serwisu, a&nbsp;jedynie na&nbsp;identyfikacji urz\u0105dzenia, z&nbsp;u\u017cyciem kt\u00f3rego&nbsp;okre\u015blona osoba korzysta z&nbsp;serwisu. W&nbsp;celu administrowania stron\u0105 internetow\u0105 przetwarzamy takie dane, jak:<br>adres IP,<br>data i&nbsp;czas serwera,<br>informacje o&nbsp;przegl\u0105darce internetowej,<br>informacje o&nbsp;systemie operacyjnym \u2013 dane te s\u0105 zapisywane automatycznie w&nbsp;tzw. logach serwera, przy ka\u017cdorazowym korzystaniu ze&nbsp;strony nale\u017c\u0105cej do&nbsp;CAR GO. Administrowanie stron\u0105 internetow\u0105 bez&nbsp;u\u017cycia serwera i&nbsp;bez automatycznego zapisu nie&nbsp;by\u0142oby mo\u017cliwe. Podstaw\u0105 prawn\u0105 takiego przetwarzania danych jest art. 6 ust. 1 lit. f) RODO, kt\u00f3ry&nbsp;pozwala przetwarza\u0107 dane osobowe, je\u017celi tym sposobem Administrator Danych Osobowych realizuje sw\u00f3j prawnie uzasadniony interes (w&nbsp;tym przypadku interesem CAR GO jest administrowanie stron\u0105 internetow\u0105 (serwisem)).<\/p>\n\n\n\n<p class=\"wp-block-paragraph\"><strong>3. <\/strong>CAR GO wykorzystuje na&nbsp;swojej stronie internetowej tzw. cookies, czyli kr\u00f3tkie informacje tekstowe, zapisywane na&nbsp;komputerze, telefonie, czy&nbsp;te\u017c innym urz\u0105dzeniu u\u017cytkownika. Mog\u0105 by\u0107 one odczytywane przez&nbsp;nasz system, a&nbsp;tak\u017ce przez&nbsp;systemy nale\u017c\u0105ce do&nbsp;innych podmiot\u00f3w, z&nbsp;kt\u00f3rych&nbsp;us\u0142ug korzystamy (np.&nbsp;Facebook, Google, Instagram).<br>\u201eCookies\u201d spe\u0142niaj\u0105 funkcj\u0119 u\u017cytkow\u0105 w&nbsp;zakresie:<br>&#8211; zapewniania bezpiecze\u0144stwa (pliki cookies s\u0105 wykorzystywane w&nbsp;celu uwierzytelniania u\u017cytkownik\u00f3w oraz&nbsp;zapobiegania nieupowa\u017cnionemu podmiotowi korzystania z&nbsp;panelu klienta);<br>&#8211; wydajanego i&nbsp;sprawnego dzia\u0142ania serwisu (pliki cookies s\u0105 wykorzystywane do&nbsp;tego, aby witryna sprawnie dzia\u0142a\u0142a i&nbsp;aby mo\u017cna by\u0142o korzysta\u0107 z&nbsp;funkcji na&nbsp;niej dost\u0119pnych, co jest mo\u017cliwe mi\u0119dzy innymi dzi\u0119ki zapami\u0119tywaniu ustawie\u0144 pomi\u0119dzy kolejnymi odwiedzinami na&nbsp;stronie. Dzi\u0119ki nim mo\u017cna zatem sprawnie porusza\u0107 si\u0119 na&nbsp;stronie internetowej i&nbsp;poszczeg\u00f3lnych podstronach);<br>&#8211; tworzenia statystyk (pliki cookies s\u0105 wykorzystywane do&nbsp;tego, aby przeanalizowa\u0107, w&nbsp;jaki spos\u00f3b u\u017cytkownicy korzystaj\u0105 ze&nbsp;strony internetowej dzi\u0119ki czemu Administrator mo\u017ce na&nbsp;podstawie analiz ulepsza\u0107 dzia\u0142anie serwisu, w&nbsp;spos\u00f3b najbardziej odpowiadaj\u0105cy preferencjom u\u017cytkownik\u00f3w.<\/p>\n\n\n\n<p class=\"wp-block-paragraph\">Pana\/Pani przegl\u0105darka internetowa domy\u015blnie dopuszcza wykorzystywanie cookies w&nbsp;Pana\/Pani urz\u0105dzeniu, dlatego przy pierwszej wizycie pytamy o&nbsp;wyra\u017cenie zgody na&nbsp;u\u017cycie cookies (co jest zalecane). Je\u017celi jednak nie&nbsp;\u017cyczy Pan\/Pani sobie wykorzystania cookies przy przegl\u0105daniu strony internetowej, mo\u017cna zmieni\u0107 ustawienia w&nbsp;przegl\u0105darce internetowej \u2014&nbsp;ca\u0142kowicie blokowa\u0107 automatyczn\u0105 obs\u0142ug\u0119 plik\u00f3w cookies lub \u017c\u0105da\u0107 powiadomienia o&nbsp;ka\u017cdorazowym zamieszczeniu cookies w&nbsp;urz\u0105dzeniu. Ustawienia mo\u017cna zmieni\u0107 w&nbsp;dowolnej chwili.<br>Szanuj\u0105c autonomi\u0119 wszystkich os\u00f3b korzystaj\u0105cych ze&nbsp;strony internetowej, czujemy si\u0119 jednak w&nbsp;obowi\u0105zku uprzedzi\u0107, \u017ce&nbsp;wy\u0142\u0105czenie lub ograniczenie obs\u0142ugi plik\u00f3w cookies mo\u017ce spowodowa\u0107 do\u015b\u0107 powa\u017cne trudno\u015bci w&nbsp;korzystaniu ze&nbsp;strony internetowej, np.&nbsp;w&nbsp;postaci konieczno\u015bci logowania si\u0119 na&nbsp;ka\u017cdej podstronie, d\u0142u\u017cszego okresu \u0142adowania si\u0119 strony, ogranicze\u0144 w&nbsp;korzystaniu z&nbsp;funkcjonalno\u015bci, ogranicze\u0144 w&nbsp;polubieniu strony na&nbsp;Facebooku itp.<\/p>\n\n\n\n<p class=\"wp-block-paragraph\"><strong>4. <\/strong>Je\u017celi przetwarzanie danych osobowych odbywa si\u0119 na&nbsp;podstawie Pa\u0144stwa zgody, w&nbsp;ka\u017cdej chwili mo\u017ce Pan\/Pani t\u0119 zgod\u0119 cofn\u0105\u0107.<br>Je\u017celi chcia\u0142by\/chcia\u0142aby Pan\/Pani cofn\u0105\u0107 zgod\u0119 na&nbsp;przetwarzanie danych osobowych, to&nbsp;prosz\u0119 przes\u0142a\u0107 do&nbsp;nas wiadomo\u015b\u0107 (e-mail) z&nbsp;informacj\u0105 o&nbsp;cofni\u0119ciu zgody na&nbsp;przetwarzania danych osobowych. Je\u017celi przetwarzanie Pana\/Pani danych osobowych odbywa\u0142o si\u0119 na&nbsp;podstawie zgody, jej cofni\u0119cie nie&nbsp;powoduje, \u017ce&nbsp;przetwarzanie danych osobowych do&nbsp;tego momentu by\u0142o nielegalne. Do&nbsp;czasu cofni\u0119cia zgody mamy prawo przetwarza\u0107 Pana\/Pani dane osobowe i&nbsp;jej odwo\u0142anie nie&nbsp;wp\u0142ywa na&nbsp;zgodno\u015b\u0107 z&nbsp;prawem dotychczasowego przetwarzania.<\/p>\n\n\n\n<p class=\"wp-block-paragraph\"><strong>5. <\/strong>Podanie danych osobowych jest dobrowolne i&nbsp;zale\u017cy od&nbsp;Pana\/Pani decyzji. W&nbsp;niekt\u00f3rych przypadkach podanie okre\u015blonych danych osobowych jest konieczne, aby spe\u0142ni\u0107 Pana\/Pani oczekiwania w&nbsp;zakresie korzystania z&nbsp;naszych us\u0142ug.<br>Aby zleci\u0107 us\u0142ug\u0119 w&nbsp;CAR GO, otrzyma\u0107 ofert\u0119 w&nbsp;zakresie indywidualnych potrzeb oraz&nbsp;nawi\u0105za\u0107 kontakt z&nbsp;Administratorem konieczne jest podanie danych (co najmniej kontaktowych \u2013 imi\u0119, nazwisko, numer telefonu, adres e-mail).<br>Celem wykonania ewentualnych zobowi\u0105za\u0144 wynikaj\u0105cych z&nbsp;podj\u0119tej z&nbsp;CAR GO wsp\u00f3\u0142pracy Administrator jest upowa\u017cniony do&nbsp;zebrania danych wymaganych przepisami powszechnie obowi\u0105zuj\u0105cego prawa (np.&nbsp;w&nbsp;zakresie wystawienia faktury VAT).<\/p>\n\n\n\n<p class=\"wp-block-paragraph\"><strong>6. <\/strong>Pa\u0144stwa dane osobowe mog\u0105 zosta\u0107 ujawnione podmiotom wsp\u00f3\u0142pracuj\u0105cym z&nbsp;CAR GO w&nbsp;zakresie \u015bwiadczonych na&nbsp;rzecz Administratora us\u0142ug (np.&nbsp;prawnych, IT, ksi\u0119gowych, zarz\u0105dzania, marketingowych).<br>Pa\u0144stwa dane osobowe mog\u0105 zosta\u0107 ujawnione partnerom handlowym Administratora, czyli firmom z&nbsp;kt\u00f3rymi wsp\u00f3\u0142pracuje \u0142\u0105cz\u0105c produkty lub us\u0142ugi jedynie w&nbsp;celu prawid\u0142owego wykonania zawartej z&nbsp;Pa\u0144stwem umowy wsp\u00f3\u0142pracy.<br>Do&nbsp;Pa\u0144stwa danych mog\u0105 te\u017c mie\u0107 dost\u0119p podwykonawcy Administratora w&nbsp;szczeg\u00f3lno\u015bci podmioty uczestnicz\u0105ce w&nbsp;realizacji umowy, biura rachunkowe, podmioty \u015bwiadcz\u0105ce us\u0142ugi prawne na&nbsp;rzecz Administratora, organy administracji publicznej w&nbsp;zakresie okre\u015blonym w\u0142a\u015bciwymi przepisami prawa, instytucje finansowe w&nbsp;zakresie dotycz\u0105cym \u015bwiadczenia us\u0142ug dla Administratora, podmioty wykonuj\u0105ce us\u0142ugi konsultingowe lub audytowe, firmy pocztowe i&nbsp;kurierskie zapewniaj\u0105ce wymian\u0119 korespondencji, podmioty zapewniaj\u0105ce bezpiecze\u0144stwo naszych system\u00f3w informatycznych.<\/p>\n\n\n\n<p class=\"wp-block-paragraph\"><strong>7. <\/strong>Pa\u0144stwa dane osobowe mog\u0105 zosta\u0107 przekazane do&nbsp;pa\u0144stw trzecich lub organizacji mi\u0119dzynarodowych, wobec kt\u00f3rych&nbsp;Komisja Europejska stwierdzi\u0142a odpowiedni stopie\u0144 ochrony danych lub jego brak, w&nbsp;oparciu o&nbsp;odpowiednie zabezpieczenia prawne, kt\u00f3rymi s\u0105 standardowe klauzule umowne ochrony danych osobowych zatwierdzone przez&nbsp;Komisj\u0119 Europejsk\u0105; a&nbsp;w&nbsp;innym przypadku przy zastosowaniu zabezpiecze\u0144 prawnych i&nbsp;technicznych w&nbsp;oparciu o&nbsp;Pa\u0144stwa zgod\u0119.<br>Administrator korzysta z&nbsp;us\u0142ug i&nbsp;technologii, oferowanych przez&nbsp;takie podmioty, jak Facebook, Microsoft, Google. Firmy te maj\u0105 siedziby poza Uni\u0105 Europejsk\u0105, W&nbsp;ramach korzystania z&nbsp;ww. us\u0142ug i&nbsp;technologii przekazujemy dane osobowe podmiotom ze&nbsp;Stan\u00f3w Zjednoczonych, kt\u00f3re obj\u0119te zosta\u0142y tzw. tarcz\u0105 bezpiecze\u0144stwa: \u201ePrivacy Shield\u201d, na&nbsp;podstawie decyzji wykonawczej Komisji Europejskiej z&nbsp;dnia 12 lipca 2016 r.<\/p>\n\n\n\n<p class=\"wp-block-paragraph\"><strong>8. <\/strong>Pa\u0144stwa dane osobowe b\u0119d\u0105 przechowywane przez&nbsp;okres wsp\u00f3\u0142pracy z&nbsp;CAR GO, a&nbsp;po&nbsp;jej zako\u0144czeniu co najmniej przez&nbsp;czas okre\u015blony przepisami prawa dotycz\u0105cymi rozlicze\u0144 publiczno-prawnych, nie&nbsp;kr\u00f3cej jednak ni\u017c do&nbsp;czasu ostatecznego rozliczenia lub przedawnienia ewentualnych roszcze\u0144 wynikaj\u0105cych ze&nbsp;wzajemnej wsp\u00f3\u0142pracy. W&nbsp;przypadku powstania sporu, do&nbsp;jego ostatecznego zako\u0144czenia przez&nbsp;co rozumiemy r\u00f3wnie\u017c skuteczne zako\u0144czenie post\u0119powania egzekucyjnego. Dane przetwarzane dla potrzeb marketingu bezpo\u015bredniego naszych us\u0142ug mo\u017cemy przetwarza\u0107 do&nbsp;czasu, a\u017c zg\u0142osicie Pa\u0144stwo sprzeciw wzgl\u0119dem ich przetwarzania lub ustalimy, \u017ce&nbsp;dane te s\u0105 nieaktualne.<br>Pozosta\u0142e dane zebrane i&nbsp;otrzymane od&nbsp;Pa\u0144stwa na&nbsp;podstawie wyra\u017conej zgody przechowywa\u0107 b\u0119dziemy do&nbsp;czasu cofni\u0119cia przez&nbsp;Pa\u0144stwa wyra\u017conej uprzednio zgody.<\/p>\n\n\n\n<p class=\"wp-block-paragraph\"><strong>9. <\/strong>Pa\u0144stwa dane nie&nbsp;b\u0119d\u0105 przetwarzane w&nbsp;spos\u00f3b zautomatyzowany i&nbsp;nie&nbsp;b\u0119d\u0105 wykorzystywane do&nbsp;profilowania.<\/p>\n\n\n\n<p class=\"wp-block-paragraph\"><strong>10. <\/strong>Zgodnie z&nbsp;RODO przys\u0142uguje Pa\u0144stwu:<br>prawo dost\u0119pu do&nbsp;swoich danych,<br>prawo do&nbsp;sprostowania swoich danych,<br>prawo do&nbsp;usuni\u0119cia danych, ograniczenia przetwarzania danych,<br>prawo do&nbsp;wniesienia sprzeciwu wobec przetwarzania danych,<br>prawo do&nbsp;przenoszenia danych,<br>prawo do&nbsp;wniesienia skargi do&nbsp;Prezesa Urz\u0119du Ochrony Danych Osobowych.<\/p>\n\n\n\n<p class=\"wp-block-paragraph\"><strong>11. <\/strong>CAR GO zastrzega sobie prawo wprowadzania zmian do&nbsp;niniejszej Polityki Prywatno\u015bci z&nbsp;zastrze\u017ceniem, i\u017c do&nbsp;us\u0142ug dokonanych przed&nbsp;zmian\u0105 Polityki prywatno\u015bci stosuje si\u0119 jej wersj\u0119 obowi\u0105zuj\u0105c\u0105 w&nbsp;chwili zamawiania us\u0142ugi.<br>Informacja o&nbsp;zmianie Polityki Prywatno\u015bci zostanie opublikowana na&nbsp;stronie internetowej CAR GO z&nbsp;adnotacj\u0105 o&nbsp;dacie jej obowi\u0105zywania.<br>Niniejsza Polityka prywatno\u015bci obowi\u0105zuje od&nbsp;dnia 02-01-2020r.<\/p>\n\n\n\n<p class=\"wp-block-paragraph\"><strong>Podstawa Prawna<\/strong><\/p>\n\n\n\n<p class=\"wp-block-paragraph\"><strong>(Rozporz\u0105dzenie Parlamentu Europejskiego i&nbsp;Rady UE 2016\/679 z&nbsp;dnia 27 kwietnia 2016r. w&nbsp;sprawie ochrony os\u00f3b fizycznych w&nbsp;zwi\u0105zku z&nbsp;przetwarzaniem danych osobowych i&nbsp;w&nbsp;sprawie swobodnego przep\u0142ywu takich danych oraz&nbsp;uchylenia dyrektywy 95\/46\/WE, nazywane w&nbsp;skr\u00f3cie RODO).<\/strong><\/p>\n","protected":false},"excerpt":{"rendered":"<p>POLITYKA PRYWATNO\u015aCI 1. Administratorem Pana\/Pani danych osobowych jest firma CAR GO IZABELA KALETA z siedzib\u0105 w Radomiu. ul. Wroc\u0142awska 4, NIP: 9481060108, REGON: 141194584, adres e-mail:&nbsp;biuro@cargoradom.pl. 2. Jako Administrator mo\u017cemy przetwarza\u0107 Pa\u0144stwa dane w&nbsp;celach:&#8211; archiwalnych, tworzenia rejestr\u00f3w i&nbsp;ewidencji zwi\u0105zanych z&nbsp;RODO, w&nbsp;tym np.&nbsp;rejestru klient\u00f3w, kt\u00f3rzy&nbsp;skierowali do&nbsp;nas wiadomo\u015b\u0107 e-mail lub przes\u0142ali formularz kontaktowy;&#8211; badania i&nbsp;analizowania aktywno\u015bci na&nbsp;stronie&hellip; <br \/> <a class=\"read-more\" href=\"https:\/\/www.cargoradom.pl\/?page_id=369\">Dowiedz si\u0119 wi\u0119cej<\/a><\/p>\n","protected":false},"author":1,"featured_media":0,"parent":0,"menu_order":0,"comment_status":"closed","ping_status":"closed","template":"","meta":{"footnotes":""},"class_list":["post-369","page","type-page","status-publish","hentry"],"_links":{"self":[{"href":"https:\/\/www.cargoradom.pl\/index.php?rest_route=\/wp\/v2\/pages\/369","targetHints":{"allow":["GET"]}}],"collection":[{"href":"https:\/\/www.cargoradom.pl\/index.php?rest_route=\/wp\/v2\/pages"}],"about":[{"href":"https:\/\/www.cargoradom.pl\/index.php?rest_route=\/wp\/v2\/types\/page"}],"author":[{"embeddable":true,"href":"https:\/\/www.cargoradom.pl\/index.php?rest_route=\/wp\/v2\/users\/1"}],"replies":[{"embeddable":true,"href":"https:\/\/www.cargoradom.pl\/index.php?rest_route=%2Fwp%2Fv2%2Fcomments&post=369"}],"version-history":[{"count":13,"href":"https:\/\/www.cargoradom.pl\/index.php?rest_route=\/wp\/v2\/pages\/369\/revisions"}],"predecessor-version":[{"id":548,"href":"https:\/\/www.cargoradom.pl\/index.php?rest_route=\/wp\/v2\/pages\/369\/revisions\/548"}],"wp:attachment":[{"href":"https:\/\/www.cargoradom.pl\/index.php?rest_route=%2Fwp%2Fv2%2Fmedia&parent=369"}],"curies":[{"name":"wp","href":"https:\/\/api.w.org\/{rel}","templated":true}]}}